{"id":3757,"date":"2020-06-05T13:20:49","date_gmt":"2020-06-05T11:20:49","guid":{"rendered":"https:\/\/www.klaerwerk-krefeld.org\/?page_id=3757"},"modified":"2025-06-07T16:53:12","modified_gmt":"2025-06-07T14:53:12","slug":"bauarbeiten","status":"publish","type":"page","link":"https:\/\/www.klaerwerk-krefeld.org\/index.php\/bauarbeiten\/","title":{"rendered":"Industriedenkmal: Erhalt und Instandsetzung"},"content":{"rendered":"\n<p>Die Instandsetzung und Erforschung des Kl\u00e4rwerks wird noch einige Jahre in Anspruch nehmen. Warum es und wie es gesichert werden kann, haben wir hier zusammengefasst:<\/p>\n\n\n\n<p>Phase A<br>Ende 2018: \u00dcbernahme des Denkmals aus st\u00e4dtischem Besitz, nach jahrzehnten Leerstand und Verfall. Die neuen Eigent\u00fcmer haben es privat erworben und sind vier Freunde. Es wurden umfangreichen Untersuchungen zur Substanz, den Schadensbildern und vor allem auch zur Geschichte und Bedeutung des Bauwerks durchgef\u00fchrt. Das Ergebnis der Untersuchungen hat ergeben, dass das Kl\u00e4rwerk ein wertvolles Kulturgut ist. Hier haben drei wesentliche Eigenschaften eine herausragende Rolle gespielt:<\/p>\n\n\n\n<p> <\/p>\n\n\n\n<div class=\"wp-block-group alignwide has-background\" style=\"background-color:#f3ece3\"><div class=\"wp-block-group__inner-container is-layout-flow wp-block-group-is-layout-flow\">\n<div class=\"wp-block-group\"><div class=\"wp-block-group__inner-container is-layout-flow wp-block-group-is-layout-flow\">\n<div class=\"wp-block-columns is-layout-flex wp-container-core-columns-is-layout-9d6595d7 wp-block-columns-is-layout-flex\">\n<div class=\"wp-block-column is-layout-flow wp-block-column-is-layout-flow\" style=\"flex-basis:33.33%\">\n<p class=\"has-text-align-center has-text-color\" style=\"color:#e87b1d;font-size:90px\"><strong>1<\/strong><\/p>\n<\/div>\n\n\n\n<div class=\"wp-block-column is-layout-flow wp-block-column-is-layout-flow\" style=\"flex-basis:66.66%\">\n<p class=\"has-text-color\" style=\"color:#685203;font-size:32px\">eines der Letzten ersten Kl\u00e4rwerke  <\/p>\n\n\n\n<p class=\"has-text-color\" style=\"color:#000000\">Die ersten Kl\u00e4rwerke entstanden um die Wende vom 19. zum 20. Jahrhundert. Es war in Europa die Belle \u00c9poque, in den Jahren vor dem Ersten Weltkrieg eine Zeit mit sehr starken politischen und sozialen \u00c4nderungen, getrieben auch durch durch die Verst\u00e4dterung als Folge der Industrialisierung \u2013 und gleichzeitig ausgepr\u00e4gten Stilen in Architektur, Literatur und Kunst. Dies alles f\u00fchrte zur Errichtung der Reinigungsanlage in Krefeld, als ein &#8220;Palast der Hygiene&#8221;. Die Besonderheit ist aber dar\u00fcber hinaus ihre Einzigartigkeit. Sie ist ein technisches Kulturdenkmal, da sie fast unver\u00e4ndert geblieben ist, die mechanische Abwasserreinigung repr\u00e4sentiert, deren Technologie noch heute als die erste von vielen Reinigungstufen moderner Kl\u00e4rwerke weltweit weiter lebt.   <\/p>\n<\/div>\n<\/div>\n<\/div><\/div>\n\n\n\n<div class=\"wp-block-group\"><div class=\"wp-block-group__inner-container is-layout-flow wp-block-group-is-layout-flow\">\n<div class=\"wp-block-columns is-layout-flex wp-container-core-columns-is-layout-9d6595d7 wp-block-columns-is-layout-flex\">\n<div class=\"wp-block-column is-layout-flow wp-block-column-is-layout-flow\" style=\"flex-basis:33.33%\">\n<p class=\"has-text-align-center has-text-color\" style=\"color:#e87b1d;font-size:90px\"><strong>2<\/strong><\/p>\n<\/div>\n\n\n\n<div class=\"wp-block-column is-layout-flow wp-block-column-is-layout-flow\" style=\"flex-basis:66.66%\">\n<p class=\"has-text-color\" style=\"color:#685203;font-size:32px\">eines der ersten vollst\u00e4ndig aus Eisen-Beton errichteten Geb\u00e4ude<\/p>\n\n\n\n<p class=\"has-text-color\" style=\"color:#000000\">Ganz genau ist das Thema noch gar nicht erforscht, aber fest steht: das Kl\u00e4rwerk ist 1908-1909 vollst\u00e4ndig aus Eisen-Beton hergestellt worden. Es gibt nur \u00e4u\u00dferst wenige Bauwerke die diese gerade entstehende neue Bautechnologie vorher schon abgebildet hatten. <\/p>\n\n\n\n<p class=\"has-text-color\" style=\"color:#000000\">Eines der herausragenden Beispiele und wohl der erste &#8220;massive and monolithic cube of concrete&#8221; ist der <a href=\"https:\/\/flwright.org\/researchexplore\/unitytemple\">Unity Tempel der Oak Park Unity Church<\/a> in Oak Park, Illinois, aus dem Jahre 1905, erbaut durch Frank Lloyd Wright. <\/p>\n\n\n\n<p>Auch das Kl\u00e4rwerk ist &#8220;aus einem Guss&#8221;, es existieren keine gemauerten W\u00e4nde. Dazu ist insbesondere auch die Formgebung und Konstruktion des Dachtragwerks bemerkenswert. Ein spannender Vergleich zu einem anderen  Bauwerk, den Markthallen in Breslau, ist <a href=\"https:\/\/www.klaerwerk-krefeld.org\/index.php\/konstruktion-und-form\/\" data-type=\"3002\">hier zu finden<\/a>.<\/p>\n\n\n\n<div style=\"height:20px\" aria-hidden=\"true\" class=\"wp-block-spacer\"><\/div>\n<\/div>\n<\/div>\n<\/div><\/div>\n\n\n\n<div class=\"wp-block-group\"><div class=\"wp-block-group__inner-container is-layout-flow wp-block-group-is-layout-flow\">\n<div class=\"wp-block-columns is-layout-flex wp-container-core-columns-is-layout-9d6595d7 wp-block-columns-is-layout-flex\">\n<div class=\"wp-block-column is-layout-flow wp-block-column-is-layout-flow\" style=\"flex-basis:33.33%\">\n<p class=\"has-text-align-center has-text-color\" style=\"color:#e87b1d;font-size:90px\"><strong>3<\/strong><\/p>\n<\/div>\n\n\n\n<div class=\"wp-block-column is-layout-flow wp-block-column-is-layout-flow\" style=\"flex-basis:66.66%\">\n<p class=\"has-text-color\" style=\"color:#685203;font-size:32px\">Wertsch\u00e4tzung von kommunalen Infrastruktur-Ma\u00dfnahmen<\/p>\n\n\n\n<p class=\"has-text-color\" style=\"color:#000000\">Das Kl\u00e4rwerk wurde zusammen mit den Planungen sehr weitreichender Infrastrukturprojekte der Stadt Krefeld errichtet. Die Geschichte dieser Investitionen und Planungen, der damals in einem der gr\u00f6\u00dferen Umbr\u00fcche der Industrialisierung stehenden Stadt, sind am Kl\u00e4rwerk nachvollziehbar und &#8220;erkl\u00e4rbar&#8221; geblieben. Krefeld wird mit der Tradition seiner  herausragenden Seidenverleger und -Weber bis heute untrennbar verbunden. Doch die j\u00fcngere Geschichte der Region ist fast verblast, dennoch vielleicht eines der aufregendste Kapitel ihrer  Geschichte. Denn die Stadt hatte damals ihre  Entwicklung auf eine herausragende Weise selbst in die Hand genommen und geschickt durch Eingemeindungen und z.B. durch die Errichtung eines eigenen Rheinhafens der k\u00fcnstlich und ohne Vorbild auf der gr\u00fcnen Wiese entstand, die Kommunal- und Wirtschaftsgeschichte einer ganzen Region nachhaltig beeinflu\u00dft. Dass das Kl\u00e4rwerk sich zur Errichtung gar nicht in Krefeld befand, sondern in der <a href=\"https:\/\/www.horst-peterburs.de\">Stadt Uerdingen am Rhein<\/a> lag, ist eine der zahlreichen Facetten die es zu erz\u00e4hlen gibt. <\/p>\n<\/div>\n<\/div>\n<\/div><\/div>\n<\/div><\/div>\n\n\n\n<p><\/p>\n\n\n\n<p>Diese Forschungsergebnisse haben zur ver\u00e4nderten Bewertung des &#8220;Denkmals&#8221; zu einem \u00fcber die Region hinaus bedeutenden Kulturerbe gef\u00fchrt. Die Eigent\u00fcmer, vier Freunde, sind der \u00dcberzeugung, dass das Denkmal in Zukunft \u00f6ffentlich und erlebbar sein muss und \u00f6ffnen nun das Kl\u00e4rwerk als Industriedenkmal und bauen mit dem Verein zum Erhalt des Kl\u00e4rwerks e.V. ein Museum auf.  Siege auch: <a href=\"https:\/\/www.klaerwerk-krefeld.org\/index.php\/ziele\/\" data-type=\"page\" data-id=\"2786\">Ziele<\/a><\/p>\n\n\n\n<div class=\"wp-block-image is-style-default\"><figure class=\"alignright is-resized\"><img loading=\"lazy\" decoding=\"async\" src=\"https:\/\/www.klaerwerk-krefeld.org\/wp-content\/uploads\/2020\/06\/nrw-logo-artikelbild.png\" alt=\"Gef\u00f6rdert aus dem Denkmalf\u00f6rderungsprogramm \ndes Landes NRW \" class=\"wp-image-3761\" width=\"237\" height=\"133\" srcset=\"https:\/\/www.klaerwerk-krefeld.org\/wp-content\/uploads\/2020\/06\/nrw-logo-artikelbild.png 640w, https:\/\/www.klaerwerk-krefeld.org\/wp-content\/uploads\/2020\/06\/nrw-logo-artikelbild-300x169.png 300w, https:\/\/www.klaerwerk-krefeld.org\/wp-content\/uploads\/2020\/06\/nrw-logo-artikelbild-150x84.png 150w\" sizes=\"auto, (max-width: 237px) 100vw, 237px\" \/><figcaption><strong>Gef\u00f6rdert aus dem Denkmalf\u00f6rderungsprogramm<\/strong><br><strong>des Landes NRW<\/strong><\/figcaption><\/figure><\/div>\n\n\n\n<p><br><br>Bauphase B, l\u00e4uft seit Mai 2020 &#8211; 2022<br>In der aktuell laufenden Bauphase werden das Betriebsleiter-Wohnhaus saniert und Teile des Maschinenhauses instand gesetzt. Bauphase B wird aus dem Denkmalf\u00f6rderungsprogramm des Landes NRW unterst\u00fctzt.<\/p>\n\n\n\n<p>Bauphase C, Instandsetzung der Kl\u00e4rhalle<br>Die Kl\u00e4rhalle ist stark besch\u00e4digt, aber sie ist der \u00fcberaus erhaltenswerte &#8220;Palast der Hygiene&#8221;. Das Schadensbild ist vielf\u00e4ltig und wird seit dem Jahr 2018 genauer untersucht, <a href=\"https:\/\/www.klaerwerk-krefeld.org\/index.php\/schadenskataster\/\" data-type=\"123\">siehe erster Bericht<\/a>. Insbesondere die Betonsanierung des historisch bedeutsamen Tragwerks ist eines der wichtigsten Ziele. Die Bundesregierung wird diese Ma\u00dfnahmen unterst\u00fctzen und erste Schritte zur Reparatur k\u00f6nnen voraussichtlich ab 2021 eingeleitet werden. Siehe: <a href=\"https:\/\/www.klaerwerk-krefeld.org\/index.php\/gute-nachricht-fuers-klaerwerk\/\" data-type=\"3701\">gute Nachrichten f\u00fcrs Kl\u00e4rwerk <\/a><\/p>\n\n\n\n<p>Bauphase D, Stabilisierung der Eisenkonstruktionen<br>Hallenkran und Verteilschieber sind extrem korrodiert und wurden bereits entlastet um Zeit f\u00fcr Korrosionssch\u00fctzende Ma\u00dfnahmen zu gewinnen. Die Bearbeitung der mit Salzen  belasteten Metallstrukturen ist eine aufw\u00e4ndige Ma\u00dfnahme, es m\u00fcssen mit Wasserhochdruck die Salze aus den Poren gesp\u00fclt werden um dann mit wachshaltiger Emulsion den Kontakt mit Sauerstoff zu unterbrechen und die weitere Korrosion somit zu verlangsamen.      <\/p>\n\n\n\n<p>Bauphase E, Dachsanierung Aussenhaut<br>Das Dach des Geb\u00e4udes war urspr\u00fcnglich mit Schiefer eingedeckt. In einer Sanierung durch die Stadt Krefeld in den 1980ern wurde der Schiefer durch Dachpappe ersetzt, deren Lebensdauer um das mehr als Doppelte bereits \u00fcberschritten ist. Die Schadensbehebung an der zerfallenden Teerpappe ist zur Zeit die einzige M\u00f6glichkeit bis zur Neueindeckung mit Schiefer die erforderliche Zeit zu gewinnen. Diese kann jedoch aus technischen Gr\u00fcnden erst nach Abschluss der Beton-Tragwerksanierung aus Phase C erfolgen. <\/p>\n\n\n\n<p>Bauphase F, Putzstabilisierugen<br>Der heute so oft verwendete &#8220;Sichtbeton&#8221; war damals un\u00fcblich. Auch f\u00fcr Kl\u00e4rwerke. Hier wurde Eisenbeton (siehe oben unter 2) verwendet und dies war f\u00fcr das Auge derma\u00dfen ungew\u00f6hnlich, dass Geb\u00e4ude aus dieser Zeit s\u00e4mtlich verputzt wurden, um ein annehmbares \u00c4u\u00dferes herzustellen. Beim Kl\u00e4rwerk wurde der Putz aufgetragen und mit gro\u00dfen K\u00e4mmen an der Fassade herunter gezogen. Durch mangelhafte Dacheindeckung (Siehe Bauphase E, Dachsanierung Aussenhaut) ist auch der Putz in Mitleidenschaft gezogen, Graffiti<s>k\u00fcnstler<\/s> haben dazu ihre herausragende Architekturexpertise unter Beweis gestellt und den \u00fcber ein Jahrhundert alten strukturierten Putz &#8220;\u00fcbermalt&#8221;.   <\/p>\n\n\n\n<p> <\/p>\n","protected":false},"excerpt":{"rendered":"<p>Die Instandsetzung und Erforschung des Kl\u00e4rwerks wird noch einige Jahre in Anspruch nehmen. Warum es und wie es gesichert werden kann, haben wir hier zusammengefasst: Phase AEnde 2018: \u00dcbernahme des Denkmals aus st\u00e4dtischem Besitz, nach jahrzehnten Leerstand und Verfall. Die neuen Eigent\u00fcmer haben es privat erworben und sind vier Freunde. Es wurden umfangreichen Untersuchungen zur &hellip; <\/p>\n<p class=\"link-more\"><a href=\"https:\/\/www.klaerwerk-krefeld.org\/index.php\/bauarbeiten\/\" class=\"more-link\"><span class=\"screen-reader-text\">\u201eIndustriedenkmal: Erhalt und Instandsetzung\u201c <\/span>weiterlesen<\/a><\/p>\n","protected":false},"author":1,"featured_media":2772,"parent":0,"menu_order":0,"comment_status":"closed","ping_status":"closed","template":"","meta":{"footnotes":""},"class_list":["post-3757","page","type-page","status-publish","has-post-thumbnail","hentry"],"_links":{"self":[{"href":"https:\/\/www.klaerwerk-krefeld.org\/index.php\/wp-json\/wp\/v2\/pages\/3757","targetHints":{"allow":["GET"]}}],"collection":[{"href":"https:\/\/www.klaerwerk-krefeld.org\/index.php\/wp-json\/wp\/v2\/pages"}],"about":[{"href":"https:\/\/www.klaerwerk-krefeld.org\/index.php\/wp-json\/wp\/v2\/types\/page"}],"author":[{"embeddable":true,"href":"https:\/\/www.klaerwerk-krefeld.org\/index.php\/wp-json\/wp\/v2\/users\/1"}],"replies":[{"embeddable":true,"href":"https:\/\/www.klaerwerk-krefeld.org\/index.php\/wp-json\/wp\/v2\/comments?post=3757"}],"version-history":[{"count":8,"href":"https:\/\/www.klaerwerk-krefeld.org\/index.php\/wp-json\/wp\/v2\/pages\/3757\/revisions"}],"predecessor-version":[{"id":7776,"href":"https:\/\/www.klaerwerk-krefeld.org\/index.php\/wp-json\/wp\/v2\/pages\/3757\/revisions\/7776"}],"wp:featuredmedia":[{"embeddable":true,"href":"https:\/\/www.klaerwerk-krefeld.org\/index.php\/wp-json\/wp\/v2\/media\/2772"}],"wp:attachment":[{"href":"https:\/\/www.klaerwerk-krefeld.org\/index.php\/wp-json\/wp\/v2\/media?parent=3757"}],"curies":[{"name":"wp","href":"https:\/\/api.w.org\/{rel}","templated":true}]}}