{"id":3173,"date":"2020-03-17T16:43:44","date_gmt":"2020-03-17T15:43:44","guid":{"rendered":"https:\/\/www.klaerwerk-krefeld.org\/?page_id=3173"},"modified":"2021-01-26T16:52:27","modified_gmt":"2021-01-26T15:52:27","slug":"wassermuseum_erklaerwerk","status":"publish","type":"page","link":"https:\/\/www.klaerwerk-krefeld.org\/index.php\/wassermuseum_erklaerwerk\/","title":{"rendered":"Wassermuseum ErKl\u00e4rwerk"},"content":{"rendered":"\n<div class=\"wp-block-columns is-layout-flex wp-container-core-columns-is-layout-9d6595d7 wp-block-columns-is-layout-flex\">\n<div class=\"wp-block-column is-layout-flow wp-block-column-is-layout-flow\">\n<figure class=\"wp-block-embed alignright is-type-video is-provider-vimeo wp-block-embed-vimeo wp-embed-aspect-16-9 wp-has-aspect-ratio\"><div class=\"wp-block-embed__wrapper\">\n<iframe loading=\"lazy\" title=\"The Water We Want - UNESCO Communication Campaign - Launch\" src=\"https:\/\/player.vimeo.com\/video\/453328289?dnt=1&amp;app_id=122963\" width=\"525\" height=\"295\" frameborder=\"0\" allow=\"autoplay; fullscreen; picture-in-picture; clipboard-write\"><\/iframe>\n<\/div><\/figure>\n\n\n\n<p>Wir erz\u00e4hlen mit dem Kl\u00e4rwerks die <a href=\"https:\/\/www.klaerwerk-krefeld.org\/index.php\/tag-des-offenen-denkmals-2020\/\" data-type=\"page\" data-id=\"4213\">Geschichte der modernen St\u00e4dte<\/a>, informieren \u00fcber die Bedeutung von Wasser f\u00fcr die Menschheit.<\/p>\n\n\n\n<p>Dazu stellen wir Zusammenh\u00e4nge zu wichtigsten Herausforderungen unserer Zeit dar, zu Pandemien, zum <a href=\"https:\/\/www.klaerwerk-krefeld.org\/index.php\/klimawandel\/\" data-type=\"page\" data-id=\"3572\">Klimawandel<\/a> und den<a href=\"https:\/\/www.klaerwerk-krefeld.org\/index.php\/agenda-2030\/17-ziele-fuer-nachhaltige-entwicklung\/\" data-type=\"page\" data-id=\"4399\"> 17 Nachhaltigkeitszielen<\/a> der <a href=\"https:\/\/www.klaerwerk-krefeld.org\/index.php\/agenda-2030\/\" data-type=\"page\" data-id=\"4395\">Agenda 2030<\/a><\/p>\n\n\n\n<p class=\"has-medium-font-size\"><strong>Wassermuseum<\/strong><\/p>\n\n\n\n<p>Im Kl\u00e4rwerk erlebt man die Geschichte der modernen St\u00e4dte. Wie wichtig die Versorgung mit Wasser und die Entsorgung des Abwassers f\u00fcr uns ist.<\/p>\n\n\n\n<p>Die Wassermuseen der Welt haben sich im Rahmen des <strong>UNESCO IHP Programms<\/strong> bereiterkl\u00e4rt, die sehr wesentlichen Nachhaltigkeitsziele der UN Agenda 2030, gegen den Klimawandel und gegen Ungerechtigkeit, mit ihren Mitteln weiter zu verbreiten. <\/p>\n\n\n\n<p>Denn durch Wassermuseen werden <br>Lehrer, Sch\u00fcler und interessierte Besuchergruppen erreicht.<\/p>\n\n\n\n<p><a href=\"https:\/\/www.klaerwerk-krefeld.org\/index.php\/agenda-2030\/\" data-type=\"page\" data-id=\"4395\">Ziele der <strong>Agenda 2030<\/strong><\/a> <br><br>\u201e<em>sauberes Wasser <\/em><br><em>und Sanit\u00e4rversorgung <\/em><br><em>f\u00fcr alle Menschen<\/em>\u201c.<\/p>\n\n\n<div class=\"menu-dasklaerwerk-container\"><ul id=\"menu-dasklaerwerk\" class=\"menu\"><li id=\"menu-item-3665\" class=\"menu-item menu-item-type-post_type menu-item-object-page menu-item-has-children menu-item-3665\"><a href=\"https:\/\/www.klaerwerk-krefeld.org\/index.php\/wassermuseum_erklaerwerk\/\">Wassermuseum ErKl\u00e4rwerk digital<\/a>\n<ul class=\"sub-menu\">\n\t<li id=\"menu-item-7765\" class=\"menu-item menu-item-type-post_type menu-item-object-post menu-item-7765\"><a href=\"https:\/\/www.klaerwerk-krefeld.org\/index.php\/recherchen-fuer-den-bund\/\">Recherchen f\u00fcr den BUND<\/a><\/li>\n\t<li id=\"menu-item-4635\" class=\"menu-item menu-item-type-post_type menu-item-object-page menu-item-4635\"><a href=\"https:\/\/www.klaerwerk-krefeld.org\/index.php\/wassermuseum_erklaerwerk\/\">das ErKl\u00e4rwerk<\/a><\/li>\n\t<li id=\"menu-item-4933\" class=\"menu-item menu-item-type-post_type menu-item-object-page menu-item-4933\"><a href=\"https:\/\/www.klaerwerk-krefeld.org\/index.php\/wird-alles-abwasser-geklaert-nein\/\">Wird alles Abwasser gekl\u00e4rt? Nein!<\/a><\/li>\n\t<li id=\"menu-item-4634\" class=\"menu-item menu-item-type-post_type menu-item-object-page menu-item-4634\"><a href=\"https:\/\/www.klaerwerk-krefeld.org\/index.php\/mikroplastik\/\">Mikroplastik<\/a><\/li>\n\t<li id=\"menu-item-3872\" class=\"menu-item menu-item-type-post_type menu-item-object-page menu-item-3872\"><a href=\"https:\/\/www.klaerwerk-krefeld.org\/index.php\/sauberes-wasser-und-sanitaere-einrichtungen\/\">\u00fcber sauberes Wasser und sanit\u00e4re Einrichtungen<\/a><\/li>\n\t<li id=\"menu-item-4525\" class=\"menu-item menu-item-type-post_type menu-item-object-page menu-item-has-children menu-item-4525\"><a href=\"https:\/\/www.klaerwerk-krefeld.org\/index.php\/agenda-2030\/\">Was ist die UN-Agenda 2030<\/a>\n\t<ul class=\"sub-menu\">\n\t\t<li id=\"menu-item-4526\" class=\"menu-item menu-item-type-post_type menu-item-object-page menu-item-4526\"><a href=\"https:\/\/www.klaerwerk-krefeld.org\/index.php\/agenda-2030\/17-ziele-fuer-nachhaltige-entwicklung\/\">Die 17 Ziele f\u00fcr nachhaltige Entwicklung<\/a><\/li>\n\t<\/ul>\n<\/li>\n\t<li id=\"menu-item-3574\" class=\"menu-item menu-item-type-post_type menu-item-object-page menu-item-has-children menu-item-3574\"><a href=\"https:\/\/www.klaerwerk-krefeld.org\/index.php\/klimawandel\/\">Der Klimawandel ist da<\/a>\n\t<ul class=\"sub-menu\">\n\t\t<li id=\"menu-item-3654\" class=\"menu-item menu-item-type-post_type menu-item-object-page menu-item-3654\"><a href=\"https:\/\/www.klaerwerk-krefeld.org\/index.php\/was-ist-klimawandel\/\">Was ist Klimawandel?<\/a><\/li>\n\t\t<li id=\"menu-item-3543\" class=\"menu-item menu-item-type-post_type menu-item-object-post menu-item-3543\"><a href=\"https:\/\/www.klaerwerk-krefeld.org\/index.php\/covid-19-und-der-klimawandel-ueber-globale-krisen\/\">Corona Pandemie und der Klimawandel, oder: globale Krisen<\/a><\/li>\n\t<\/ul>\n<\/li>\n\t<li id=\"menu-item-3548\" class=\"menu-item menu-item-type-post_type menu-item-object-page menu-item-has-children menu-item-3548\"><a href=\"https:\/\/www.klaerwerk-krefeld.org\/index.php\/cholera\/\">Die Geschichte der Pandemien: Cholera<\/a>\n\t<ul class=\"sub-menu\">\n\t\t<li id=\"menu-item-3660\" class=\"menu-item menu-item-type-post_type menu-item-object-page menu-item-3660\"><a href=\"https:\/\/www.klaerwerk-krefeld.org\/index.php\/cholera-ausbreitung-pandemie\/\">1. Das Zeitalter der Cholera Pandemien<\/a><\/li>\n\t\t<li id=\"menu-item-3658\" class=\"menu-item menu-item-type-post_type menu-item-object-page menu-item-3658\"><a href=\"https:\/\/www.klaerwerk-krefeld.org\/index.php\/die-erforschung-der-cholera\/\">2. Die Erforschung der Cholera<\/a><\/li>\n\t\t<li id=\"menu-item-3659\" class=\"menu-item menu-item-type-post_type menu-item-object-page menu-item-3659\"><a href=\"https:\/\/www.klaerwerk-krefeld.org\/index.php\/die-entdeckung-des-cholera-erregers\/\">3. Die Entdeckung des Cholera- Erregers<\/a><\/li>\n\t\t<li id=\"menu-item-3657\" class=\"menu-item menu-item-type-post_type menu-item-object-page menu-item-3657\"><a href=\"https:\/\/www.klaerwerk-krefeld.org\/index.php\/die-hygiene-der-staedte\/\">4. Die Hygiene der St\u00e4dte im Kampf gegen die Cholera<\/a><\/li>\n\t\t<li id=\"menu-item-3656\" class=\"menu-item menu-item-type-post_type menu-item-object-page menu-item-3656\"><a href=\"https:\/\/www.klaerwerk-krefeld.org\/index.php\/der-ausbruch-der-cholera-in-hamburg\/\">5. Der Ausbruch der Cholera in Hamburg<\/a><\/li>\n\t<\/ul>\n<\/li>\n\t<li id=\"menu-item-4524\" class=\"menu-item menu-item-type-post_type menu-item-object-page menu-item-4524\"><a href=\"https:\/\/www.klaerwerk-krefeld.org\/index.php\/the-water-we-want\/\">THE WATER WE WANT<\/a><\/li>\n<\/ul>\n<\/li>\n<li id=\"menu-item-4499\" class=\"menu-item menu-item-type-post_type menu-item-object-page menu-item-4499\"><a href=\"https:\/\/www.klaerwerk-krefeld.org\/index.php\/film-ab\/\">Dokumentarfilme<\/a><\/li>\n<li id=\"menu-item-3750\" class=\"menu-item menu-item-type-post_type menu-item-object-page menu-item-has-children menu-item-3750\"><a href=\"https:\/\/www.klaerwerk-krefeld.org\/index.php\/industriekultur\/\">Industriekultur<\/a>\n<ul class=\"sub-menu\">\n\t<li id=\"menu-item-3752\" class=\"menu-item menu-item-type-post_type menu-item-object-page menu-item-3752\"><a href=\"https:\/\/www.klaerwerk-krefeld.org\/index.php\/timeline\/\">Zeitleiste des historischen Kl\u00e4rwerks in Krefeld:<\/a><\/li>\n\t<li id=\"menu-item-3751\" class=\"menu-item menu-item-type-custom menu-item-object-custom menu-item-3751\"><a href=\"https:\/\/www.klaerwerk-krefeld.org\/via-industrialis-krefeld\/\">Kartografie Industriekultur<\/a><\/li>\n<\/ul>\n<\/li>\n<li id=\"menu-item-3775\" class=\"menu-item menu-item-type-post_type menu-item-object-page menu-item-3775\"><a href=\"https:\/\/www.klaerwerk-krefeld.org\/index.php\/ziele\/\">Ziele<\/a><\/li>\n<\/ul><\/div>\n\n\n\n<p><\/p>\n<\/div>\n<\/div>\n","protected":false},"excerpt":{"rendered":"<p>Wir erz\u00e4hlen mit dem Kl\u00e4rwerks die Geschichte der modernen St\u00e4dte, informieren \u00fcber die Bedeutung von Wasser f\u00fcr die Menschheit. Dazu stellen wir Zusammenh\u00e4nge zu wichtigsten Herausforderungen unserer Zeit dar, zu Pandemien, zum Klimawandel und den 17 Nachhaltigkeitszielen der Agenda 2030 Wassermuseum Im Kl\u00e4rwerk erlebt man die Geschichte der modernen St\u00e4dte. Wie wichtig die Versorgung mit &hellip; <\/p>\n<p class=\"link-more\"><a href=\"https:\/\/www.klaerwerk-krefeld.org\/index.php\/wassermuseum_erklaerwerk\/\" class=\"more-link\"><span class=\"screen-reader-text\">\u201eWassermuseum ErKl\u00e4rwerk\u201c <\/span>weiterlesen<\/a><\/p>\n","protected":false},"author":1,"featured_media":0,"parent":0,"menu_order":0,"comment_status":"closed","ping_status":"closed","template":"","meta":{"footnotes":""},"class_list":["post-3173","page","type-page","status-publish","hentry"],"_links":{"self":[{"href":"https:\/\/www.klaerwerk-krefeld.org\/index.php\/wp-json\/wp\/v2\/pages\/3173","targetHints":{"allow":["GET"]}}],"collection":[{"href":"https:\/\/www.klaerwerk-krefeld.org\/index.php\/wp-json\/wp\/v2\/pages"}],"about":[{"href":"https:\/\/www.klaerwerk-krefeld.org\/index.php\/wp-json\/wp\/v2\/types\/page"}],"author":[{"embeddable":true,"href":"https:\/\/www.klaerwerk-krefeld.org\/index.php\/wp-json\/wp\/v2\/users\/1"}],"replies":[{"embeddable":true,"href":"https:\/\/www.klaerwerk-krefeld.org\/index.php\/wp-json\/wp\/v2\/comments?post=3173"}],"version-history":[{"count":58,"href":"https:\/\/www.klaerwerk-krefeld.org\/index.php\/wp-json\/wp\/v2\/pages\/3173\/revisions"}],"predecessor-version":[{"id":5508,"href":"https:\/\/www.klaerwerk-krefeld.org\/index.php\/wp-json\/wp\/v2\/pages\/3173\/revisions\/5508"}],"wp:attachment":[{"href":"https:\/\/www.klaerwerk-krefeld.org\/index.php\/wp-json\/wp\/v2\/media?parent=3173"}],"curies":[{"name":"wp","href":"https:\/\/api.w.org\/{rel}","templated":true}]}}