{"id":3059,"date":"2020-02-14T20:46:45","date_gmt":"2020-02-14T19:46:45","guid":{"rendered":"https:\/\/www.klaerwerk-krefeld.org\/?page_id=3059"},"modified":"2026-01-29T15:20:30","modified_gmt":"2026-01-29T14:20:30","slug":"home","status":"publish","type":"page","link":"https:\/\/www.klaerwerk-krefeld.org\/","title":{"rendered":"Willkommen"},"content":{"rendered":"\n<h2 class=\"wp-block-heading\">im alten Kl\u00e4rwerk<\/h2>\n\n\n\n<figure class=\"wp-block-image size-full\"><a href=\"https:\/\/www.klaerwerk-krefeld.org\/wp-content\/uploads\/2025\/04\/IMG_2694.jpg\"><img loading=\"lazy\" decoding=\"async\" width=\"640\" height=\"960\" src=\"https:\/\/www.klaerwerk-krefeld.org\/wp-content\/uploads\/2025\/04\/IMG_2694.jpg\" alt=\"\" class=\"wp-image-7744\" srcset=\"https:\/\/www.klaerwerk-krefeld.org\/wp-content\/uploads\/2025\/04\/IMG_2694.jpg 640w, https:\/\/www.klaerwerk-krefeld.org\/wp-content\/uploads\/2025\/04\/IMG_2694-200x300.jpg 200w\" sizes=\"auto, (max-width: 640px) 100vw, 640px\" \/><\/a><\/figure>\n\n\n\n<p class=\"has-medium-font-size\">Die 1909 erbaute alte Kl\u00e4ranlage in Krefeld stellte damals den Abschluss der modernen Stadtentw\u00e4sserung dar. Heute ist sie ein Industriedenkmal <strong>das bei F\u00fchrungen und Veranstaltungen<\/strong> erlebt werden kann.<\/p>\n\n\n\n<h2 class=\"wp-block-heading\">Die n\u00e4chsten F\u00fchrungen sind:<\/h2>\n\n\n    <div class=\"ics-events\">\n      <ul class=\"ics-events-list\">\n        \t\t  <li class=\"ics-event\">\n\t\t    \t\t\n\t\t    06.05.2026 18:00 Uhr<br>\n\t\t    F\u00fchrung durch das historische Kl\u00e4rwerk in Krefeld Uerdingen in Zusammenarbeit mit der VHS \n\t\t\n\t\t    \t\t      ...<a href=\"https:\/\/kalender.klaerwerk-krefeld.org\/veranstaltung\/fuehrung-durch-das-historische-klaerwerk-in-krefeld-uerdingen-in-zusammenarbeit-mit-der-vhs-3\/\" target=\"_blank\" rel=\"noopener\">mehr Infos<\/a>\n\t\t    \t\t  <\/li>\n\t\t\t\t  <li class=\"ics-event\">\n\t\t    \t\t\n\t\t    09.05.2026 11:00 Uhr<br>\n\t\t    F\u00fchrung durch das historische Kl\u00e4rwerk mit Oli \n\t\t\n\t\t    \t\t      ...<a href=\"https:\/\/kalender.klaerwerk-krefeld.org\/veranstaltung\/fuehrung-durch-das-historische-klaerwerk-mit-oli-16\/\" target=\"_blank\" rel=\"noopener\">mehr Infos<\/a>\n\t\t    \t\t  <\/li>\n\t\t\t\t  <li class=\"ics-event\">\n\t\t    \t\t\n\t\t    03.06.2026 18:00 Uhr<br>\n\t\t    F\u00fchrung durch das historische Kl\u00e4rwerk in Krefeld Uerdingen in Zusammenarbeit mit der VHS \n\t\t\n\t\t    \t\t      ...<a href=\"https:\/\/kalender.klaerwerk-krefeld.org\/veranstaltung\/fuehrung-durch-das-historische-klaerwerk-in-krefeld-uerdingen-in-zusammenarbeit-mit-der-vhs-4\/\" target=\"_blank\" rel=\"noopener\">mehr Infos<\/a>\n\t\t    \t\t  <\/li>\n\t\t\t\t  <li class=\"ics-event\">\n\t\t    \t\t\n\t\t    12.06.2026 17:00 Uhr<br>\n\t\t    F\u00fchrung durch das historische Kl\u00e4rwerk mit Oli \n\t\t\n\t\t    \t\t      ...<a href=\"https:\/\/kalender.klaerwerk-krefeld.org\/veranstaltung\/fuehrung-durch-das-historische-klaerwerk-mit-oli-17\/\" target=\"_blank\" rel=\"noopener\">mehr Infos<\/a>\n\t\t    \t\t  <\/li>\n\t\t      <\/ul>\n    <\/div>\n\n    <style>\n      .ics-events-list { margin:0; padding-left: 18px; }\n      .ics-event { margin: 0 0 14px 0; }\n      .ics-event-title { font-weight: 600; }\n      .ics-event-meta { opacity: .85; font-size: 0.95em; }\n      .ics-event-desc { margin-top: 6px; white-space: normal; }\n    <\/style>\n    \n\n\n\n<p class=\"has-vivid-red-color has-text-color has-link-color wp-elements-fe6e9b1c8d645ffbe8b0c5229e02b486\"><a href=\"https:\/\/kalender.klaerwerk-krefeld.org\/veranstaltungen\/kategorie\/fuehrungen\/\"><strong>Hier zur F\u00fchrung anmelden<\/strong><\/a><\/p>\n\n\n\n<h2 class=\"wp-block-heading\">Veranstaltungen im alten Kl\u00e4rwerk:<\/h2>\n\n\n    <div class=\"ics-events\">\n      <ul class=\"ics-events-list\">\n        \t\t  <li class=\"ics-event\">\n\t\t    \t\t\n\t\t    30.04.2026 20:00 Uhr<br>\n\t\t    Tanz in den Mai: kl\u00e4ryourheadoff. Open your mind. dance! \n\t\t\n\t\t    \t\t      ...<a href=\"https:\/\/kalender.klaerwerk-krefeld.org\/veranstaltung\/tanz-in-den-mai-klaeryourheadoff-open-your-mind-dance\/\" target=\"_blank\" rel=\"noopener\">mehr Infos<\/a>\n\t\t    \t\t  <\/li>\n\t\t\t\t  <li class=\"ics-event\">\n\t\t    \t\t\n\t\t    01.05.2026 11:00 Uhr<br>\n\t\t    Ausstellung: Vernissage Nordseewasserbilder von Manfred Gr\u00fcnwald dwb \n\t\t\n\t\t    \t\t      ...<a href=\"https:\/\/kalender.klaerwerk-krefeld.org\/veranstaltung\/ausstellung-nordseewasserbilder-von-manfred-gruenwald-dwb-2\/\" target=\"_blank\" rel=\"noopener\">mehr Infos<\/a>\n\t\t    \t\t  <\/li>\n\t\t\t\t  <li class=\"ics-event\">\n\t\t    \t\t\n\t\t    02.05.2026 11:00 Uhr<br>\n\t\t    Ausstellung: Nordseewasserbilder von Manfred Gr\u00fcnwald dwb \n\t\t\n\t\t    \t\t      ...<a href=\"https:\/\/kalender.klaerwerk-krefeld.org\/veranstaltung\/ausstellung-nordseewasserbilder-von-manfred-gruenwald-dwb\/2026-05-02\/\" target=\"_blank\" rel=\"noopener\">mehr Infos<\/a>\n\t\t    \t\t  <\/li>\n\t\t\t\t  <li class=\"ics-event\">\n\t\t    \t\t\n\t\t    03.05.2026 11:00 Uhr<br>\n\t\t    Ausstellung: Nordseewasserbilder von Manfred Gr\u00fcnwald dwb \n\t\t\n\t\t    \t\t      ...<a href=\"https:\/\/kalender.klaerwerk-krefeld.org\/veranstaltung\/ausstellung-nordseewasserbilder-von-manfred-gruenwald-dwb\/2026-05-03\/\" target=\"_blank\" rel=\"noopener\">mehr Infos<\/a>\n\t\t    \t\t  <\/li>\n\t\t\t\t  <li class=\"ics-event\">\n\t\t    \t\t\n\t\t    04.05.2026 11:00 Uhr<br>\n\t\t    Ausstellung: Nordseewasserbilder von Manfred Gr\u00fcnwald dwb \n\t\t\n\t\t    \t\t      ...<a href=\"https:\/\/kalender.klaerwerk-krefeld.org\/veranstaltung\/ausstellung-nordseewasserbilder-von-manfred-gruenwald-dwb\/2026-05-04\/\" target=\"_blank\" rel=\"noopener\">mehr Infos<\/a>\n\t\t    \t\t  <\/li>\n\t\t\t\t  <li class=\"ics-event\">\n\t\t    \t\t\n\t\t    05.05.2026 11:00 Uhr<br>\n\t\t    Ausstellung: Nordseewasserbilder von Manfred Gr\u00fcnwald dwb \n\t\t\n\t\t    \t\t      ...<a href=\"https:\/\/kalender.klaerwerk-krefeld.org\/veranstaltung\/ausstellung-nordseewasserbilder-von-manfred-gruenwald-dwb\/2026-05-05\/\" target=\"_blank\" rel=\"noopener\">mehr Infos<\/a>\n\t\t    \t\t  <\/li>\n\t\t\t\t  <li class=\"ics-event\">\n\t\t    \t\t\n\t\t    06.05.2026 11:00 Uhr<br>\n\t\t    Ausstellung: Nordseewasserbilder von Manfred Gr\u00fcnwald dwb \n\t\t\n\t\t    \t\t      ...<a href=\"https:\/\/kalender.klaerwerk-krefeld.org\/veranstaltung\/ausstellung-nordseewasserbilder-von-manfred-gruenwald-dwb\/2026-05-06\/\" target=\"_blank\" rel=\"noopener\">mehr Infos<\/a>\n\t\t    \t\t  <\/li>\n\t\t\t\t  <li class=\"ics-event\">\n\t\t    \t\t\n\t\t    06.05.2026 18:00 Uhr<br>\n\t\t    F\u00fchrung durch das historische Kl\u00e4rwerk in Krefeld Uerdingen in Zusammenarbeit mit der VHS \n\t\t\n\t\t    \t\t      ...<a href=\"https:\/\/kalender.klaerwerk-krefeld.org\/veranstaltung\/fuehrung-durch-das-historische-klaerwerk-in-krefeld-uerdingen-in-zusammenarbeit-mit-der-vhs-3\/\" target=\"_blank\" rel=\"noopener\">mehr Infos<\/a>\n\t\t    \t\t  <\/li>\n\t\t\t\t  <li class=\"ics-event\">\n\t\t    \t\t\n\t\t    07.05.2026 11:00 Uhr<br>\n\t\t    Ausstellung: Nordseewasserbilder von Manfred Gr\u00fcnwald dwb \n\t\t\n\t\t    \t\t      ...<a href=\"https:\/\/kalender.klaerwerk-krefeld.org\/veranstaltung\/ausstellung-nordseewasserbilder-von-manfred-gruenwald-dwb\/2026-05-07\/\" target=\"_blank\" rel=\"noopener\">mehr Infos<\/a>\n\t\t    \t\t  <\/li>\n\t\t\t\t  <li class=\"ics-event\">\n\t\t    \t\t\n\t\t    09.05.2026 11:00 Uhr<br>\n\t\t    F\u00fchrung durch das historische Kl\u00e4rwerk mit Oli \n\t\t\n\t\t    \t\t      ...<a href=\"https:\/\/kalender.klaerwerk-krefeld.org\/veranstaltung\/fuehrung-durch-das-historische-klaerwerk-mit-oli-16\/\" target=\"_blank\" rel=\"noopener\">mehr Infos<\/a>\n\t\t    \t\t  <\/li>\n\t\t      <\/ul>\n    <\/div>\n\n    <style>\n      .ics-events-list { margin:0; padding-left: 18px; }\n      .ics-event { margin: 0 0 14px 0; }\n      .ics-event-title { font-weight: 600; }\n      .ics-event-meta { opacity: .85; font-size: 0.95em; }\n      .ics-event-desc { margin-top: 6px; white-space: normal; }\n    <\/style>\n    \n\n\n\n<p class=\"has-vivid-red-color has-text-color has-link-color wp-elements-cb7fc53e5dbca86ba0452f469825ab1b\"><a href=\"https:\/\/kalender.klaerwerk-krefeld.org\/\"><strong>Hier den vollst\u00e4ndigen Kalender anzeigen<\/strong><\/a><\/p>\n\n\n\n<p><\/p>\n\n\n\n<h1 class=\"wp-block-heading\">Wie alles begann: <\/h1>\n\n\n\n<h2 class=\"wp-block-heading\">Am Anfang war die Kanalisation<\/h2>\n\n\n\n<p class=\"has-medium-font-size\">Abw\u00e4sser verschwanden seit der Hochphase der Industrialisierung in einer unsichtbaren Stadt unter der Stadt und sorgten als <strong>Kanalisation<\/strong> und erstes menschengemachtes technisches Netzwerk f\u00fcr den zuverl\u00e4ssigen Transport von Krankheitserregern und Abfall, aber auch Produktionsr\u00fcckst\u00e4nden der Industrie, hinaus aus der Stadt.<\/p>\n\n\n\n<h2 class=\"wp-block-heading\">Dann entstanden Probleme an den Fl\u00fcssen<\/h2>\n\n\n\n<p class=\"has-medium-font-size\">Die riesigen  Probleme der Wasser-Verschmutzung sollten durch neuartige Abwasser-Kl\u00e4ranlagen gemildert werden. Aber freiwillig wollte kein Industriebetrieb, keine Stadt eine Kl\u00e4ranlage bauen. Einschl\u00e4gige Abwasser-Gesetze gab es noch nicht, daher warteten die h\u00f6heren Regierungsbeh\u00f6rden, f\u00fcr den Rhein war das damals die Preu\u00dfische Rheinbaustromverwaltung, auf eine g\u00fcnstige Gelegenheit: Die bot sich in Krefeld durch den beabsichtigten Bau eines Rheinhafens. <\/p>\n\n\n\n<figure data-wp-context=\"{&quot;imageId&quot;:&quot;69ef5d508741e&quot;}\" data-wp-interactive=\"core\/image\" data-wp-key=\"69ef5d508741e\" class=\"wp-block-image size-large wp-lightbox-container\"><img loading=\"lazy\" decoding=\"async\" width=\"1024\" height=\"730\" data-wp-class--hide=\"state.isContentHidden\" data-wp-class--show=\"state.isContentVisible\" data-wp-init=\"callbacks.setButtonStyles\" data-wp-on--click=\"actions.showLightbox\" data-wp-on--load=\"callbacks.setButtonStyles\" data-wp-on-window--resize=\"callbacks.setButtonStyles\" src=\"https:\/\/www.klaerwerk-krefeld.org\/wp-content\/uploads\/2023\/10\/IMG_2791-1024x730.jpg\" alt=\"\" class=\"wp-image-7403\" srcset=\"https:\/\/www.klaerwerk-krefeld.org\/wp-content\/uploads\/2023\/10\/IMG_2791-1024x730.jpg 1024w, https:\/\/www.klaerwerk-krefeld.org\/wp-content\/uploads\/2023\/10\/IMG_2791-300x214.jpg 300w, https:\/\/www.klaerwerk-krefeld.org\/wp-content\/uploads\/2023\/10\/IMG_2791-768x547.jpg 768w, https:\/\/www.klaerwerk-krefeld.org\/wp-content\/uploads\/2023\/10\/IMG_2791-1536x1095.jpg 1536w, https:\/\/www.klaerwerk-krefeld.org\/wp-content\/uploads\/2023\/10\/IMG_2791-150x107.jpg 150w, https:\/\/www.klaerwerk-krefeld.org\/wp-content\/uploads\/2023\/10\/IMG_2791.jpg 1842w\" sizes=\"auto, (max-width: 767px) 89vw, (max-width: 1000px) 54vw, (max-width: 1071px) 543px, 580px\" \/><button\n\t\t\tclass=\"lightbox-trigger\"\n\t\t\ttype=\"button\"\n\t\t\taria-haspopup=\"dialog\"\n\t\t\taria-label=\"Vergr\u00f6\u00dfern\"\n\t\t\tdata-wp-init=\"callbacks.initTriggerButton\"\n\t\t\tdata-wp-on--click=\"actions.showLightbox\"\n\t\t\tdata-wp-style--right=\"state.imageButtonRight\"\n\t\t\tdata-wp-style--top=\"state.imageButtonTop\"\n\t\t>\n\t\t\t<svg xmlns=\"http:\/\/www.w3.org\/2000\/svg\" width=\"12\" height=\"12\" fill=\"none\" viewBox=\"0 0 12 12\">\n\t\t\t\t<path fill=\"#fff\" d=\"M2 0a2 2 0 0 0-2 2v2h1.5V2a.5.5 0 0 1 .5-.5h2V0H2Zm2 10.5H2a.5.5 0 0 1-.5-.5V8H0v2a2 2 0 0 0 2 2h2v-1.5ZM8 12v-1.5h2a.5.5 0 0 0 .5-.5V8H12v2a2 2 0 0 1-2 2H8Zm2-12a2 2 0 0 1 2 2v2h-1.5V2a.5.5 0 0 0-.5-.5H8V0h2Z\" \/>\n\t\t\t<\/svg>\n\t\t<\/button><\/figure>\n\n\n\n<p class=\"has-medium-font-size\">Das Krefelder Kl\u00e4rwerk sollte das Abwasser der Stadt und das des neuen Hafens kl\u00e4ren.  (Siehe <a href=\"https:\/\/www.industriekultur-krefeld.org\/index.php\/rheinhafen-krefeld\/\">Rheinhafen<\/a> auf industriekultur-krefeld.org)<\/p>\n\n\n\n<p class=\"has-medium-font-size\">Es wurde ca. 6km von der Innenstadt Krefeld entfernt nahe des Rheins erbaut, aber noch unmittelbar vor der am Ufer liegenden Stadt Uerdingen. Es war zur Bauzeit hochmodern und blieb \u00fcber zwei Weltkriege und technisch unver\u00e4ndert bis 1962 in Betrieb. Die Reinigung erfolgte rein mechanisch, mit feinen Rechen.<\/p>\n\n\n\n<figure data-wp-context=\"{&quot;imageId&quot;:&quot;69ef5d5087ccf&quot;}\" data-wp-interactive=\"core\/image\" data-wp-key=\"69ef5d5087ccf\" class=\"wp-block-image size-large wp-lightbox-container\"><img loading=\"lazy\" decoding=\"async\" width=\"1024\" height=\"539\" data-wp-class--hide=\"state.isContentHidden\" data-wp-class--show=\"state.isContentVisible\" data-wp-init=\"callbacks.setButtonStyles\" data-wp-on--click=\"actions.showLightbox\" data-wp-on--load=\"callbacks.setButtonStyles\" data-wp-on-window--resize=\"callbacks.setButtonStyles\" src=\"https:\/\/www.klaerwerk-krefeld.org\/wp-content\/uploads\/2023\/10\/IMG_2790-1024x539.jpg\" alt=\"\" class=\"wp-image-7401\" srcset=\"https:\/\/www.klaerwerk-krefeld.org\/wp-content\/uploads\/2023\/10\/IMG_2790-1024x539.jpg 1024w, https:\/\/www.klaerwerk-krefeld.org\/wp-content\/uploads\/2023\/10\/IMG_2790-300x158.jpg 300w, https:\/\/www.klaerwerk-krefeld.org\/wp-content\/uploads\/2023\/10\/IMG_2790-768x404.jpg 768w, https:\/\/www.klaerwerk-krefeld.org\/wp-content\/uploads\/2023\/10\/IMG_2790-1536x808.jpg 1536w, https:\/\/www.klaerwerk-krefeld.org\/wp-content\/uploads\/2023\/10\/IMG_2790-1920x1010.jpg 1920w, https:\/\/www.klaerwerk-krefeld.org\/wp-content\/uploads\/2023\/10\/IMG_2790-150x79.jpg 150w, https:\/\/www.klaerwerk-krefeld.org\/wp-content\/uploads\/2023\/10\/IMG_2790.jpg 2008w\" sizes=\"auto, (max-width: 767px) 89vw, (max-width: 1000px) 54vw, (max-width: 1071px) 543px, 580px\" \/><button\n\t\t\tclass=\"lightbox-trigger\"\n\t\t\ttype=\"button\"\n\t\t\taria-haspopup=\"dialog\"\n\t\t\taria-label=\"Vergr\u00f6\u00dfern\"\n\t\t\tdata-wp-init=\"callbacks.initTriggerButton\"\n\t\t\tdata-wp-on--click=\"actions.showLightbox\"\n\t\t\tdata-wp-style--right=\"state.imageButtonRight\"\n\t\t\tdata-wp-style--top=\"state.imageButtonTop\"\n\t\t>\n\t\t\t<svg xmlns=\"http:\/\/www.w3.org\/2000\/svg\" width=\"12\" height=\"12\" fill=\"none\" viewBox=\"0 0 12 12\">\n\t\t\t\t<path fill=\"#fff\" d=\"M2 0a2 2 0 0 0-2 2v2h1.5V2a.5.5 0 0 1 .5-.5h2V0H2Zm2 10.5H2a.5.5 0 0 1-.5-.5V8H0v2a2 2 0 0 0 2 2h2v-1.5ZM8 12v-1.5h2a.5.5 0 0 0 .5-.5V8H12v2a2 2 0 0 1-2 2H8Zm2-12a2 2 0 0 1 2 2v2h-1.5V2a.5.5 0 0 0-.5-.5H8V0h2Z\" \/>\n\t\t\t<\/svg>\n\t\t<\/button><figcaption class=\"wp-element-caption\">Das Krefelder Kl\u00e4rwerk nach der Stilllegung, ca. 1970<\/figcaption><\/figure>\n\n\n\n<p class=\"has-medium-font-size\">Das Kl\u00e4rwerk besteht aus der gro\u00dfen und hohen <strong>Kl\u00e4rhalle<\/strong> mit der Reinigungsfunktion, es diente aber zugleich mit seinem <strong>Maschinenhaus<\/strong> als Transformatorenstation f\u00fcr die Verteilung von Elektrizit\u00e4t, und als <strong>Hochwasserpumpwerk<\/strong> (im Foto die kleinerer vordere Halle) und hat weitere angrenzende Geb\u00e4udeteile. <\/p>\n\n\n\n<p class=\"has-medium-font-size\">Verwendet wurde der damals recht neuartige Baustoff <strong>Eisenbeton<\/strong>, sodass st\u00fctzenfreie hohe Hallen als Beton-Monolithen geformt werden konnten. Das Kl\u00e4rwerk ist im <strong>Jugendstil<\/strong> gestaltet.<\/p>\n\n\n\n<p class=\"has-medium-font-size\">Das Gel\u00e4nde der Reinigungsanlage war als eine Parklandschaft gestaltet, das eigens vorhandene Besucherportal erlaubt f\u00fcr G\u00e4ste den Blick in eine der damals modernsten Errungenschaften f\u00fcr <strong>Hygiene<\/strong> und <strong>Umweltschutz<\/strong>, schon bevor diese beiden Fachw\u00f6rter in den allgemeinen Sprachgebrauch \u00fcbergegangen waren.<\/p>\n\n\n\n<p class=\"has-medium-font-size\">Durch Zuf\u00e4lle der Geschichte blieb das Kl\u00e4rwerk auch nach seiner Au\u00dferdienststellung um 1962 weiterhin erhalten. Von 1980-1998 wurde es als Abwasser-Pumpstation und K\u00fcnstler-Atelier umgenutzt. Dabei gingen allerdings einige technische Einbauten verloren und dem Haus wurden, trotz des 1982 gew\u00e4hrten Denkmalschutzes, leider erhebliche Sch\u00e4den zugef\u00fcgt.<\/p>\n\n\n\n<p class=\"has-medium-font-size\">Nachdem das Haus danach rund 20 Jahre als Lost Place v\u00f6llig ungenutzt und in die Vegetation im Dornr\u00f6schenschlaf eingewachsen war, wurde es 2018 erneut entdeckt und wird seitdem instand gesetzt.<\/p>\n\n\n\n<p class=\"has-medium-font-size\">Eine Kl\u00e4ranlage aus der Entstehungsgeschichte ist heute eine Rarit\u00e4t. Das alte Kl\u00e4rwerk in Krefeld (1909) ist zusammen mit der Kl\u00e4ranlage<strong> <\/strong>Star\u00e1 \u010cist\u00edrna in Prag (1904), den Resten des Kl\u00e4rwerks in Frankfurt Niederrad (1887), der Kl\u00e4ranlage North Side Seewege Treatment Plant in Chicago (1928) und der Anlage in Mannheim, von vermutlich hunderten um 1900 erbauten Kl\u00e4ranlagen eines der \u00e4ltesten Exemplare, weltweit.<\/p>\n\n\n\n<p class=\"has-large-font-size\">Warum sind alte Kl\u00e4rwerke heute wichtig? Wir brauchen eine neue Wasserkultur. Und diese kann nicht ohne Erinnerung entstehen.<\/p>\n\n\n\n<p class=\"has-medium-font-size\">Der Klimawandel hat nicht nur unser aller Vers\u00e4umnis Wasser klug zu nutzen und zu verwalten verst\u00e4rkt, sondern auch die Gefahren von zu wenig, oder zu viel Wasser, stellt den Planeten und die globale Wasserpolitik vor v\u00f6llig neue Herausforderungen.<\/p>\n\n\n\n<p class=\"has-medium-font-size\">Daher m\u00fcssen wir Wege finden, um Menschen mit Wasser neu zu verbinden, Wasserbewusstsein verbessern. Wassermuseen und Artefakte wie das alte Kl\u00e4rwerk spielen in diesem Prozess eine Schl\u00fcsselrolle. Es geht um Wasser- Kulturerbe.<\/p>\n\n\n\n<p class=\"has-x-large-font-size\">Der Rhein<\/p>\n\n\n\n<div class=\"wp-block-media-text alignwide is-stacked-on-mobile is-vertically-aligned-top\"><figure class=\"wp-block-media-text__media\"><img decoding=\"async\" src=\"https:\/\/www.klaerwerk-krefeld.org\/wp-content\/uploads\/2020\/11\/IMG_7026-768x1024.jpeg\" alt=\"\" class=\"wp-image-4959 size-full\"\/><\/figure><div class=\"wp-block-media-text__content\">\n<p class=\"has-medium-font-size\">Im Land am Rhein bestimmt seit Urzeiten der Fluss die Landschaft und damit die Geschicke der Menschen. Er erm\u00f6glichte das Entstehen von gro\u00dfen St\u00e4dten an seinem Ufer, war und ist f\u00fcr den Handel, die Industrie, eine wichtige Grundlage.<\/p>\n\n\n\n<p class=\"has-medium-font-size\"><\/p>\n<\/div><\/div>\n\n\n\n<p class=\"has-medium-font-size\">Sp\u00e4testens seit 1850 nahm die Industrialisierung entlang des Rheins immer mehr Fahrt auf,  Fabriken boten neue Arbeitspl\u00e4tze, die Bev\u00f6lkerung der St\u00e4dte wuchs rasant.<\/p>\n\n\n\n<p class=\"has-medium-font-size\">In diesen wachsenden St\u00e4dten war die Gesundheit angegriffen, Epidemien zogen durch enge Stadtviertel. Eine der wichtigsten und auch umstrittensten Fragen jener Zeit war:<\/p>\n\n\n\n<p class=\"has-large-font-size\"><em><a href=\"https:\/\/www.klaerwerk-krefeld.org\/index.php\/cholera\/\">Was macht die Menschen in den St\u00e4dten krank? [+]<\/a> <\/em><\/p>\n\n\n\n<p class=\"has-medium-font-size\">Und wenn man den Grund f\u00fcr Krankheits\u00fcbertragungen erkennt, was kann man tun um die Lebensverh\u00e4ltnisse in den St\u00e4dten zu verbessern? <\/p>\n\n\n\n<p class=\"has-large-font-size\">St\u00e4dtische Infrastruktur<\/p>\n\n\n\n<p class=\"has-medium-font-size\">Frisches sicheres Wasser war eine der L\u00f6sungsans\u00e4tze, gleichzeitig die Idee der Erschaffung einer modernen <a href=\"https:\/\/www.klaerwerk-krefeld.org\/index.php\/wird-alles-abwasser-geklaert-nein#kanalisation\">Kanalisation [+]<\/a>. Hunderte Kilometer Abwasserkan\u00e4le sind so im Untergrund der St\u00e4dte entstanden, eine ganze Welt f\u00fcr sich, das erste moderne und unsichtbare Netzwerk in der Menschheitsgeschichte. <a href=\"https:\/\/www.klaerwerk-krefeld.org\/index.php\/wird-alles-abwasser-geklaert-nein#kanalisation\">Mehr lesen[+]<\/a><\/p>\n\n\n\n<p class=\"has-large-font-size\">Abwasser<\/p>\n\n\n\n<p class=\"has-medium-font-size\">Wenn Abwasser und sp\u00e4ter F\u00e4kalien aus den St\u00e4dten hinaus geschwemmt werden, dann verbessern sich die Lebensumst\u00e4nde in den urbanen Ballungsr\u00e4umen erheblich, so die Idee. <\/p>\n\n\n\n<p class=\"has-medium-font-size\">Aber au\u00dferhalb der St\u00e4dte kommen dann neue Belastungen ans Tageslicht, denn irgendwohin leitet jedes Kanalsystem die Abw\u00e4sser ab.<\/p>\n\n\n\n<p class=\"has-large-font-size\">Abwasserreinigung<\/p>\n\n\n\n<p class=\"has-medium-font-size\">Um die unansehnlichen stetig anschwellenden Mengen an Abw\u00e4ssern und Schmutz in den Fl\u00fcssen zu begehen, wurden seit 1880 in Deutschland die ersten Kl\u00e4ranlagen gebaut. Die Abw\u00e4sser wurden dort durchweg &#8220;mechanisch&#8221; gereinigt, in gro\u00dfen Absetzbecken durch Sedimantation, oder aber durch feine Siebe- und Rechenanlagen.<\/p>\n\n\n\n<figure data-wp-context=\"{&quot;imageId&quot;:&quot;69ef5d50888c2&quot;}\" data-wp-interactive=\"core\/image\" data-wp-key=\"69ef5d50888c2\" class=\"wp-block-image size-large wp-lightbox-container\"><img loading=\"lazy\" decoding=\"async\" width=\"1024\" height=\"493\" data-wp-class--hide=\"state.isContentHidden\" data-wp-class--show=\"state.isContentVisible\" data-wp-init=\"callbacks.setButtonStyles\" data-wp-on--click=\"actions.showLightbox\" data-wp-on--load=\"callbacks.setButtonStyles\" data-wp-on-window--resize=\"callbacks.setButtonStyles\" src=\"https:\/\/www.klaerwerk-krefeld.org\/wp-content\/uploads\/2023\/10\/14018-restauriert-1-1024x493.jpg\" alt=\"\" class=\"wp-image-7396\" srcset=\"https:\/\/www.klaerwerk-krefeld.org\/wp-content\/uploads\/2023\/10\/14018-restauriert-1-1024x493.jpg 1024w, https:\/\/www.klaerwerk-krefeld.org\/wp-content\/uploads\/2023\/10\/14018-restauriert-1-300x144.jpg 300w, https:\/\/www.klaerwerk-krefeld.org\/wp-content\/uploads\/2023\/10\/14018-restauriert-1-768x370.jpg 768w, https:\/\/www.klaerwerk-krefeld.org\/wp-content\/uploads\/2023\/10\/14018-restauriert-1-1536x740.jpg 1536w, https:\/\/www.klaerwerk-krefeld.org\/wp-content\/uploads\/2023\/10\/14018-restauriert-1-150x72.jpg 150w, https:\/\/www.klaerwerk-krefeld.org\/wp-content\/uploads\/2023\/10\/14018-restauriert-1.jpg 1836w\" sizes=\"auto, (max-width: 767px) 89vw, (max-width: 1000px) 54vw, (max-width: 1071px) 543px, 580px\" \/><button\n\t\t\tclass=\"lightbox-trigger\"\n\t\t\ttype=\"button\"\n\t\t\taria-haspopup=\"dialog\"\n\t\t\taria-label=\"Vergr\u00f6\u00dfern\"\n\t\t\tdata-wp-init=\"callbacks.initTriggerButton\"\n\t\t\tdata-wp-on--click=\"actions.showLightbox\"\n\t\t\tdata-wp-style--right=\"state.imageButtonRight\"\n\t\t\tdata-wp-style--top=\"state.imageButtonTop\"\n\t\t>\n\t\t\t<svg xmlns=\"http:\/\/www.w3.org\/2000\/svg\" width=\"12\" height=\"12\" fill=\"none\" viewBox=\"0 0 12 12\">\n\t\t\t\t<path fill=\"#fff\" d=\"M2 0a2 2 0 0 0-2 2v2h1.5V2a.5.5 0 0 1 .5-.5h2V0H2Zm2 10.5H2a.5.5 0 0 1-.5-.5V8H0v2a2 2 0 0 0 2 2h2v-1.5ZM8 12v-1.5h2a.5.5 0 0 0 .5-.5V8H12v2a2 2 0 0 1-2 2H8Zm2-12a2 2 0 0 1 2 2v2h-1.5V2a.5.5 0 0 0-.5-.5H8V0h2Z\" \/>\n\t\t\t<\/svg>\n\t\t<\/button><figcaption class=\"wp-element-caption\">Reinigungsanlage der Stadt Krefeld, Foto: <a href=\"https:\/\/www.krefeld.de\/de\/stadtarchiv\/stadtarchiv\/\">Stadtarchiv Krefeld<\/a><\/figcaption><\/figure>\n\n\n\n<p class=\"has-medium-font-size\"><br>Krefeld erbaute das erste Kl\u00e4rwerk der Stadt zwischen 1908-1909 nahe dem Rhein bei Uerdingen. Das Krefelder Kl\u00e4rwerk war aber nicht nur eine schlichte ingenieurtechnische Anlage, sondern sie war das vorgezeigte Symbol f\u00fcr Moderne und Fortschritt einer aufstrebenden Stadt. Es sollte als Bauwerk die Menschen beeindrucken.<\/p>\n\n\n\n<figure class=\"wp-block-video\"><video height=\"540\" style=\"aspect-ratio: 960 \/ 540;\" width=\"960\" controls loop poster=\"https:\/\/www.klaerwerk-krefeld.org\/wp-content\/uploads\/2021\/08\/54229C3A-38DB-4756-90A2-CCF78E4F4B33_1_105_c.jpeg\" preload=\"auto\" src=\"https:\/\/www.klaerwerk-krefeld.org\/wp-content\/uploads\/2021\/09\/klaerwerk_innen-Gross-540p.mov\" playsinline><\/video><figcaption class=\"wp-element-caption\">Film: Im Inneren des historischen Kl\u00e4rwerks<\/figcaption><\/figure>\n\n\n\n<p class=\"has-medium-font-size\">Seit 1962 ist das Kl\u00e4rwerk ausser Dienst, letzte Anlagenteile wurden 1998 stillgelegt. Im Inneren und \u00c4u\u00dferen ist die Funktion und Gestaltung der Anlage aber ablesbar erhalten geblieben. <\/p>\n\n\n\n<p class=\"has-medium-font-size\">Mehr \u00fcber die Bedeutung von Wasser auf<\/p>\n\n\n\n<figure class=\"wp-block-image size-large\"><a href=\"https:\/\/irememberwater.watermuseums.net\"><img loading=\"lazy\" decoding=\"async\" width=\"1024\" height=\"627\" src=\"https:\/\/www.klaerwerk-krefeld.org\/wp-content\/uploads\/2022\/05\/image-1024x627.png\" alt=\"\" class=\"wp-image-6492\" srcset=\"https:\/\/www.klaerwerk-krefeld.org\/wp-content\/uploads\/2022\/05\/image-1024x627.png 1024w, https:\/\/www.klaerwerk-krefeld.org\/wp-content\/uploads\/2022\/05\/image-300x184.png 300w, https:\/\/www.klaerwerk-krefeld.org\/wp-content\/uploads\/2022\/05\/image-768x470.png 768w, https:\/\/www.klaerwerk-krefeld.org\/wp-content\/uploads\/2022\/05\/image-1536x940.png 1536w, https:\/\/www.klaerwerk-krefeld.org\/wp-content\/uploads\/2022\/05\/image-2048x1253.png 2048w, https:\/\/www.klaerwerk-krefeld.org\/wp-content\/uploads\/2022\/05\/image-1920x1175.png 1920w, https:\/\/www.klaerwerk-krefeld.org\/wp-content\/uploads\/2022\/05\/image-150x92.png 150w\" sizes=\"auto, (max-width: 767px) 89vw, (max-width: 1000px) 54vw, (max-width: 1071px) 543px, 580px\" \/><\/a><figcaption class=\"wp-element-caption\"><a href=\"https:\/\/irememberwater.watermuseums.net\">Digitale Ausstellung<\/a> des <strong><a href=\"https:\/\/www.watermuseums.net\">Global Network of Water Museums<\/a><\/strong> 2022<\/figcaption><\/figure>\n\n\n\n<p class=\"has-medium-font-size\"><\/p>\n\n\n\n<p><\/p>\n","protected":false},"excerpt":{"rendered":"<p>im alten Kl\u00e4rwerk Die 1909 erbaute alte Kl\u00e4ranlage in Krefeld stellte damals den Abschluss der modernen Stadtentw\u00e4sserung dar. Heute ist sie ein Industriedenkmal das bei F\u00fchrungen und Veranstaltungen erlebt werden kann. Die n\u00e4chsten F\u00fchrungen sind: Hier zur F\u00fchrung anmelden Veranstaltungen im alten Kl\u00e4rwerk: Hier den vollst\u00e4ndigen Kalender anzeigen Wie alles begann: Am Anfang war die &hellip; <\/p>\n<p class=\"link-more\"><a href=\"https:\/\/www.klaerwerk-krefeld.org\/\" class=\"more-link\"><span class=\"screen-reader-text\">\u201eWillkommen\u201c <\/span>weiterlesen<\/a><\/p>\n","protected":false},"author":1,"featured_media":7742,"parent":0,"menu_order":0,"comment_status":"closed","ping_status":"closed","template":"","meta":{"footnotes":""},"class_list":["post-3059","page","type-page","status-publish","has-post-thumbnail","hentry"],"_links":{"self":[{"href":"https:\/\/www.klaerwerk-krefeld.org\/index.php\/wp-json\/wp\/v2\/pages\/3059","targetHints":{"allow":["GET"]}}],"collection":[{"href":"https:\/\/www.klaerwerk-krefeld.org\/index.php\/wp-json\/wp\/v2\/pages"}],"about":[{"href":"https:\/\/www.klaerwerk-krefeld.org\/index.php\/wp-json\/wp\/v2\/types\/page"}],"author":[{"embeddable":true,"href":"https:\/\/www.klaerwerk-krefeld.org\/index.php\/wp-json\/wp\/v2\/users\/1"}],"replies":[{"embeddable":true,"href":"https:\/\/www.klaerwerk-krefeld.org\/index.php\/wp-json\/wp\/v2\/comments?post=3059"}],"version-history":[{"count":197,"href":"https:\/\/www.klaerwerk-krefeld.org\/index.php\/wp-json\/wp\/v2\/pages\/3059\/revisions"}],"predecessor-version":[{"id":7885,"href":"https:\/\/www.klaerwerk-krefeld.org\/index.php\/wp-json\/wp\/v2\/pages\/3059\/revisions\/7885"}],"wp:featuredmedia":[{"embeddable":true,"href":"https:\/\/www.klaerwerk-krefeld.org\/index.php\/wp-json\/wp\/v2\/media\/7742"}],"wp:attachment":[{"href":"https:\/\/www.klaerwerk-krefeld.org\/index.php\/wp-json\/wp\/v2\/media?parent=3059"}],"curies":[{"name":"wp","href":"https:\/\/api.w.org\/{rel}","templated":true}]}}